{"id":35,"date":"2023-06-27T22:43:53","date_gmt":"2023-06-27T20:43:53","guid":{"rendered":"https:\/\/www.iletaitunefoismescolos.fr\/?page_id=35"},"modified":"2026-01-27T08:26:44","modified_gmt":"2026-01-27T07:26:44","slug":"sejours","status":"publish","type":"page","link":"https:\/\/www.iletaitunefoismescolos.fr\/?page_id=35","title":{"rendered":"Liste des S\u00e9jours"},"content":{"rendered":"\n<p>Vous trouverez sur cette page toutes les informations utiles concernant nos s\u00e9jours de l\u2019\u00e9t\u00e9 2026.<\/p>\n\n\n\n<p class=\"has-nv-c-2-color has-text-color has-link-color wp-elements-b14afb21cf0f7340d2e648ac3a3353c3\">Une petite erreur s&rsquo;est gliss\u00e9e dans l&rsquo;impression des plaquettes : <strong>le s\u00e9jour \u00ab\u00a0Anime Tes Vacances\u00a0\u00bb est bien ouvert pour les 15 &#8211; 17 ans !<\/strong><\/p>\n\n\n\n<div class=\"wp-block-columns is-layout-flex wp-container-core-columns-is-layout-9d6595d7 wp-block-columns-is-layout-flex\">\n<div class=\"wp-block-column has-neve-link-color-background-color has-background is-layout-flow wp-block-column-is-layout-flow\" style=\"padding-top:var(--wp--preset--spacing--30);padding-right:var(--wp--preset--spacing--40);padding-bottom:var(--wp--preset--spacing--30);padding-left:var(--wp--preset--spacing--40)\">\n<p class=\"has-text-align-center has-nv-text-dark-bg-color has-text-color has-link-color has-large-font-size wp-elements-c847b1ea8b5b511fc1d1ee097a8047ef\"><strong>Nous contacter<\/strong><\/p>\n\n\n\n<p style=\"border-style:none;border-width:0px;border-top-left-radius:0px;border-top-right-radius:0px;border-bottom-left-radius:0px;border-bottom-right-radius:0px;padding-right:var(--wp--preset--spacing--30);padding-left:var(--wp--preset--spacing--30)\">Pour tout renseignement ou inscription, n&rsquo;h\u00e9sitez pas \u00e0 nous contacter par mail ou par t\u00e9l\u00e9phone aux coordonn\u00e9es ci-dessous.<\/p>\n\n\n\n<p>T\u00e9l\u00e9phone : <strong>06 40 46 47 12<\/strong> (Semaine : 17h30 &#8211; 19h ; Samedi : 14h &#8211; 18h)<\/p>\n\n\n\n<p>Email : <strong>iletaitunefois.inscriptions@gmail.com<\/strong><\/p>\n<\/div>\n\n\n\n<div class=\"wp-block-column has-neve-link-color-background-color has-background is-layout-flow wp-block-column-is-layout-flow\" style=\"padding-top:var(--wp--preset--spacing--30);padding-right:var(--wp--preset--spacing--40);padding-bottom:var(--wp--preset--spacing--30);padding-left:var(--wp--preset--spacing--40)\">\n<p class=\"has-text-align-center has-nv-site-bg-color has-text-color has-link-color has-large-font-size wp-elements-c6c58d87afdda3dfa7360315a2c1af0e\"><strong>Paiement<\/strong><\/p>\n\n\n\n<p>L&rsquo;adh\u00e9sion \u00e0 l&rsquo;association est de 10\u20ac.<\/p>\n\n\n\n<p>Une r\u00e9duction de 20 euros sera effectu\u00e9e pour l&rsquo;inscription d&rsquo;un deuxi\u00e8me enfant d&rsquo;une m\u00eame fratrie. <\/p>\n\n\n\n<p>Nous acceptons les bons vacances de la CAF et les ch\u00e8ques ANCV. Le r\u00e9glement peut s&rsquo;effectuer par ch\u00e8que ou en ligne.<\/p>\n<\/div>\n\n\n\n<div class=\"wp-block-column has-neve-link-color-background-color has-background is-layout-flow wp-block-column-is-layout-flow\" style=\"padding-top:var(--wp--preset--spacing--30);padding-right:var(--wp--preset--spacing--40);padding-bottom:var(--wp--preset--spacing--30);padding-left:var(--wp--preset--spacing--40)\">\n<p class=\"has-text-align-center has-nv-site-bg-color has-text-color has-link-color has-large-font-size wp-elements-cf71e09e01fe801255df7cfa1f082f05\"><strong>Comment venir<\/strong><\/p>\n\n\n\n<p>Un accueil sur place est organis\u00e9. Des convoyages sont \u00e9galement propos\u00e9s au d\u00e9part des villes suivantes :<\/p>\n\n\n\n<ul class=\"wp-block-list\">\n<li><strong>NANCY : 65\u20ac<\/strong><\/li>\n\n\n\n<li><strong>METZ : 75\u20ac<\/strong><\/li>\n<\/ul>\n<\/div>\n<\/div>\n\n\n\n<hr class=\"wp-block-separator has-alpha-channel-opacity\"\/>\n\n\n\n<h2 class=\"wp-block-heading has-text-align-center has-nv-text-dark-bg-color has-nv-c-2-background-color has-text-color has-background has-link-color has-x-large-font-size wp-elements-7c8a898970a42573e1fe932c9f354055\">Sessions 6-10 ans<\/h2>\n\n\n\n<div class=\"wp-block-columns is-layout-flex wp-container-core-columns-is-layout-9d6595d7 wp-block-columns-is-layout-flex\">\n<div class=\"wp-block-column is-layout-flow wp-block-column-is-layout-flow\" style=\"flex-basis:50%\">\n<h2 class=\"wp-block-heading has-text-align-center\" style=\"font-size:26px\">Du 19\/07 au 01\/08<\/h2>\n\n\n\n<h2 class=\"wp-block-heading has-large-font-size\">Contes et Compagnie<\/h2>\n\n\n\n<p><em>Imaginaire \/ Multi-activit\u00e9s \/ Cr\u00e9ation<\/em><\/p>\n\n\n\n<p>Lors de ce s\u00e9jour d\u2019une semaine, les enfants laissent parler leur imaginaire. Autour d\u2019un conte, d\u2019un objet insolite, d\u2019un personnage fabuleux ou d\u2019\u00eatre magique, il est possible de se d\u00e9guiser, jouer la com\u00e9die, fabriquer des marionnettes ou donner vie \u00e0 des spectacles d\u2019ombres. Au travers de tous ces univers incroyables, les enfants peuvent profiter des incontournables grands jeux et veill\u00e9es de la colo.<\/p>\n\n\n\n<p>L\u2019\u00e9quipe d\u2019animation accompagne les enfants dans la r\u00e9alisation de projets en fonction de leurs besoins, de leurs rythmes de vie (sommeil, repas, activit\u00e9s) et de leurs envies. Les activit\u00e9s ne sont jamais impos\u00e9es, les enfants peuvent en proposer\u202f! Pour cela, du mat\u00e9riel (petit bricolage, jeux de soci\u00e9t\u00e9, d\u00e9guisements, jeux de plein air, accessoires de cirque) est disponible librement.&nbsp;<\/p>\n\n\n\n<p class=\"has-nv-c-2-color has-text-color has-link-color wp-elements-f497a9214235d413128e88b04080778b\"><strong>S\u00e9jour d&rsquo;une semaine du 19\/07 au 25\/07<\/strong><\/p>\n\n\n\n<p><strong>Effectif : 11 Places | Prix : 380 \u20ac<\/strong><\/p>\n\n\n\n<h2 class=\"wp-block-heading has-large-font-size\">Mille et Une Constructions<\/h2>\n\n\n\n<p><em>Construction \/ Multi-activit\u00e9s \/ Grands jeux<\/em><\/p>\n\n\n\n<p>Lors de ce s\u00e9jour d\u2019une semaine, les enfants peuvent donner vie \u00e0 leur imagination \u00e0 partir de mat\u00e9riaux divers : bois, legos, tissu, cailloux&#8230; Ils pourront m\u00eame fabriquer diff\u00e9rents objets de la vie de tous les jours (petit sac,\u202fmangeoire, cadre photos) et les customiser \u00e0 leur go\u00fbt\u202f!&nbsp;<\/p>\n\n\n\n<p>Des cabanes en for\u00eat, \u00e0 la confection de g\u00e2teaux en pi\u00e8ce mont\u00e9e, en passant par les maisonnettes de f\u00e9es, les avions en papier et les petites voitures en bois, les enfants d\u00e9couvrent mille fa\u00e7ons de cr\u00e9er. Sans oublier les incontournables de la colo comme les grands jeux et la nuit sous tente.&nbsp;<\/p>\n\n\n\n<p>L\u2019\u00e9quipe d\u2019animation accompagne les enfants dans la r\u00e9alisation de projets en fonction de leurs besoins, de leurs rythmes de vie (sommeil, repas, activit\u00e9s) et de leurs envies. Les activit\u00e9s ne sont jamais impos\u00e9es, les enfants peuvent en proposer ! Pour cela, du mat\u00e9riel (petit bricolage, jeux de soci\u00e9t\u00e9, d\u00e9guisements, jeux de plein air, accessoires de cirque) est disponible librement.&nbsp;&nbsp;<\/p>\n\n\n\n<p class=\"has-nv-c-2-color has-text-color has-link-color wp-elements-020a4fd72816d26f1c8d1c16b9d348b5\"><strong>S\u00e9jour d&rsquo;une semaine du 26\/07 au 01\/08<\/strong><\/p>\n\n\n\n<p><strong>Effectif : 11 Places | Prix : 380 \u20ac<\/strong><\/p>\n\n\n\n<h2 class=\"wp-block-heading has-large-font-size\">A la D\u00e9couverte de la Nature<\/h2>\n\n\n\n<p><em>Nature \/ Balade \/ Multi-activit\u00e9s<\/em><\/p>\n\n\n\n<p>Lors de ce s\u00e9jour de deux semaines les enfants sont invit\u00e9s \u00e0 partir \u00e0 l\u2019aventure et \u00e0 explorer la nature et ses secrets. Des activit\u00e9s d\u2019initiation sont propos\u00e9es\u202f: construction de cabanes, promenade en for\u00eat, recherche d\u2019empreintes, d\u00e9couverte de la campagne environnante, pr\u00e9paration d\u2019un repas trappeur. Sans oublier les incontournables de la colo comme les grands jeux et la nuit sous tente.&nbsp;<\/p>\n\n\n\n<p>L\u2019\u00e9quipe d\u2019animation accompagne les enfants dans la r\u00e9alisation de projets en fonction de leurs besoins, de leurs rythmes de vie (sommeil, repas, activit\u00e9s) et de leurs envies. Les activit\u00e9s ne sont jamais impos\u00e9es, les enfants peuvent en proposer\u202f! Pour cela, du mat\u00e9riel (petit bricolage, jeux de soci\u00e9t\u00e9, d\u00e9guisements, jeux de plein air, accessoires de cirque) est disponible librement.&nbsp;En cas de pluie, pas de panique, des jeux autour de l\u2019univers de la nature seront propos\u00e9s.&nbsp;<\/p>\n\n\n\n<p class=\"has-nv-c-2-color has-text-color has-link-color wp-elements-8f670de92d1dbd4e7e4daaa9c05334ae\"><strong>S\u00e9jour de deux semaines du 19\/07 au 01\/08<\/strong><\/p>\n\n\n\n<p><strong>Effectif : 12 Places | Prix : 740 \u20ac<\/strong><\/p>\n<\/div>\n\n\n\n<div class=\"wp-block-column is-layout-flow wp-block-column-is-layout-flow\" style=\"flex-basis:50%\">\n<h2 class=\"wp-block-heading has-text-align-center\" style=\"font-size:26px\">Du 02\/08 au 15\/08<\/h2>\n\n\n\n<h2 class=\"wp-block-heading has-large-font-size\">Show Devant<\/h2>\n\n\n\n<p><em><em>Spectacle \/ Mise en Sc\u00e8ne \/ Danse<\/em><\/em><\/p>\n\n\n\n<p>Lors de ce s\u00e9jour de deux semaines, les enfants laissent parler leur cr\u00e9ativit\u00e9. Devant la sc\u00e8ne ou en coulisse, pour cr\u00e9er des repr\u00e9sentations inoubliables, les enfants vont \u00e9crire des histoires, jouer la com\u00e9die, faire du cirque, de la danse, chanter, cr\u00e9er des costumes, des d\u00e9cors, de la musique. La troupe accueille les artistes en herbe et les curieux qui sont pr\u00eats \u00e0 s\u2019initier, s\u2019amuser et produire un v\u00e9ritable show&nbsp;!<\/p>\n\n\n\n<p>L\u2019\u00e9quipe d\u2019animation accompagne les enfants dans la r\u00e9alisation de projets en fonction de leurs besoins, de leurs rythmes de vie (sommeil, repas, activit\u00e9s) et de leurs envies. Les activit\u00e9s ne sont jamais impos\u00e9es, les enfants peuvent en proposer ! Pour cela, du mat\u00e9riel (petit bricolage, jeux de soci\u00e9t\u00e9, d\u00e9guisements, jeux de plein air, accessoires de cirque) est disponible librement.&nbsp;<\/p>\n\n\n\n<p class=\"has-nv-c-2-color has-text-color has-link-color wp-elements-8e423c68df7b17920367eaf52e870fc7\"><strong>S\u00e9jour d&rsquo;une semaine (du 02\/08 au 08\/08 ou du 09\/08 au 15\/08) ou de deux semaines au choix<\/strong><\/p>\n\n\n\n<p><strong><strong>Effectif : 23 Places | Prix : 380 \u20ac la semaine &#8211; 740 \u20ac le s\u00e9jour complet<\/strong><\/strong><\/p>\n<\/div>\n<\/div>\n\n\n\n<h2 class=\"wp-block-heading has-text-align-center has-nv-site-bg-color has-nv-c-1-background-color has-text-color has-background has-link-color has-x-large-font-size wp-elements-b17115522de7d69c1a6473104b6836d7\">Sessions 10-13 ans<\/h2>\n\n\n\n<div class=\"wp-block-columns is-layout-flex wp-container-core-columns-is-layout-9d6595d7 wp-block-columns-is-layout-flex\">\n<div class=\"wp-block-column is-layout-flow wp-block-column-is-layout-flow\">\n<h2 class=\"wp-block-heading has-text-align-center\" style=\"font-size:26px\">Du 19\/07 au 01\/08<\/h2>\n\n\n\n<h2 class=\"wp-block-heading has-large-font-size\">Sous les Projecteurs<\/h2>\n\n\n\n<p><em>Spectacle \/ Mise en Sc\u00e8ne \/ Son et Lumi\u00e8re<\/em><\/p>\n\n\n\n<p>Sur la sc\u00e8ne ou en r\u00e9gie, viens t\u2019initier aux arts du spectacle. \u00c9cris tes histoires, r\u00e9alise des d\u00e9cors, fabrique tes costumes et cr\u00e9\u00e9 une ambiance sonore et lumineuse pour des repr\u00e9sentations inoubliables. Que tu aimes le th\u00e9\u00e2tre ou le cirque, la danse ou le chant ou que tu aies envie de t&rsquo;essayer \u00e0 l&rsquo;impro : viens rejoindre notre troupe ! Si tu le souhaites, pr\u00e9pare m\u00eame une tourn\u00e9e de ce v\u00e9ritable show !&nbsp;<\/p>\n\n\n\n<p><strong>Effectif : 11 Places | Prix : 800 \u20ac <\/strong><\/p>\n\n\n\n<h2 class=\"wp-block-heading has-large-font-size\">A Ciel Ouvert<\/h2>\n\n\n\n<p><em>Plein Air \/ Astronomie \/ Randonn\u00e9e<\/em><\/p>\n\n\n\n<p>Regarde au-dessus et autour de toi, le d\u00e9cor est pos\u00e9 : le ciel et son immensit\u00e9. La journ\u00e9e, pars d\u00e9nicher les plus beaux points de vue o\u00f9 tu pourras y lancer ton cerf-volant et tous les objets que tu auras bricol\u00e9s ! La nuit, pars en bivouac en pleine nature observer les \u00e9toiles et pourquoi pas y croiser quelques animaux nocturnes. Bref&#8230; Une aventure la t\u00eate en l&rsquo;air et des \u00e9toiles plein les yeux !&nbsp;<\/p>\n\n\n\n<p><strong>Effectif : 12 Places | Prix : 800 \u20ac <\/strong><\/p>\n<\/div>\n\n\n\n<div class=\"wp-block-column is-layout-flow wp-block-column-is-layout-flow\">\n<h2 class=\"wp-block-heading has-text-align-center\" style=\"font-size:26px\">Du 02\/08 au 15\/08<\/h2>\n\n\n\n<h2 class=\"wp-block-heading has-large-font-size\">Escapade !<\/h2>\n\n\n\n<p><em>Nature \/ Sport \/ Construction<\/em><\/p>\n\n\n\n<p>Besoin de t\u2019\u00e9vader\u202f? Rejoins un\u202fgroupe de sportifs aventuriers\u202f!\u202fA pied ou \u00e0 v\u00e9lo, la nature est pleine de surprises.\u202fPourquoi ne pas construire tous ensemble une cabane dans la for\u00eat et y passer la nuit ?\u202fP\u00e9daler\u202fjusqu\u2019au\u202fprochain point de vue pour y partager un repas trappeur en observant les \u00e9toiles ? Entre d\u00e9couverte et d\u00e9fis \u00e0 relever : en avant l\u2019aventure !\u202f&nbsp;<\/p>\n\n\n\n<p><strong>Effectif : 12 Places | Prix : 800 \u20ac <\/strong><\/p>\n\n\n\n<h2 class=\"wp-block-heading has-large-font-size\">Debrouill&rsquo;Art<\/h2>\n\n\n\n<p><em>R\u00e9cup\u00e9ration \/ Bricolage \/ Cr\u00e9ation<\/em><\/p>\n\n\n\n<p>Recherche artistes\/n\u00e9ophytes d\u00e9brouillard\u00b7es qui voient les choses en grand&nbsp;! Toutes les id\u00e9es sont les bienvenues pour m\u00e9tamorphoser les mat\u00e9riaux en v\u00e9ritables \u0153uvres d\u2019art et objets insolites. A toi de d\u00e9cider&nbsp;: construis des structures en palettes, transforme des bo\u00eetes de conserve en lanternes, fabrique des percussions pour rythmer la colo\u2026 En bref, viens donner vie \u00e0 tes id\u00e9es les plus folles<\/p>\n\n\n\n<p><strong>Effectif : 11 Places | Prix : 800 \u20ac <\/strong><\/p>\n<\/div>\n<\/div>\n\n\n\n<h2 class=\"wp-block-heading has-text-align-center has-custom-1-background-color has-background has-x-large-font-size\">Sessions 13-17 ans<\/h2>\n\n\n\n<div class=\"wp-block-columns is-layout-flex wp-container-core-columns-is-layout-ed5226f6 wp-block-columns-is-layout-flex\" style=\"border-style:none;border-width:0px;border-radius:0px;padding-right:0;padding-left:0\">\n<div class=\"wp-block-column is-layout-flow wp-block-column-is-layout-flow\">\n<h2 class=\"wp-block-heading has-text-align-center\" style=\"font-size:26px\">Du 19\/07 au 01\/08<\/h2>\n\n\n\n<h2 class=\"wp-block-heading has-large-font-size\">Y&rsquo;a Pas Photos !<\/h2>\n\n\n\n<p><em>Photographie \/ D\u00e9veloppement \/ Montage<\/em><\/p>\n\n\n\n<p>Derri\u00e8re ou devant l\u2019objectif, au format photo ou de courtes vid\u00e9os, viens imaginer tes plus belles cr\u00e9ations. Pour photographier des lieux ou des moments insolites, ou bien retoucher tes images pour qu\u2019elles deviennent magiques&nbsp;! Et pourquoi pas monter une v\u00e9ritable galerie d\u2019art&nbsp;? Tout est possible&nbsp;! Viens t\u2019essayer ou te perfectionner dans l\u2019art de la photographie tout en te cr\u00e9ant un super album souvenir de la colo. En noir et blanc ou en couleurs, \u00e9blouis tes vacances !&nbsp;&nbsp;<\/p>\n\n\n\n<p><strong>Effectif : 10 Places | Prix : 810 \u20ac <\/strong><\/p>\n\n\n\n<h2 class=\"wp-block-heading\">Itin\u00e9raire Bis<\/h2>\n\n\n\n<p><em>Randonn\u00e9e \/ V\u00e9lo \/ Autonomie<\/em><\/p>\n\n\n\n<p>C\u2019est parti pour sillonner les environs&nbsp;! Apr\u00e8s l\u2019avoir rep\u00e9r\u00e9 sur ton t\u00e9l\u00e9phone, dans un livre ou juste en regardant par la fen\u00eatre, agrippe une carte, pr\u00e9pare ton sac, enfourche ton v\u00e9lo pour atteindre ta destination. Avec tes co\u00e9quipiers et co\u00e9quipi\u00e8res, tracez votre itin\u00e9raire&nbsp;! On peut camper sur le plus haut sommet des alentours, explorer des sentiers inconnus et s\u2019\u00e9clater avec le g\u00e9ocaching, pour un, deux, trois jours\u2026 soyons libres&nbsp;! Allez go on y va, viens nous rejoindre pour une v\u00e9ritable aventure \u00e0 la d\u00e9couverte de la richesse des environs.&nbsp;<\/p>\n\n\n\n<p><strong>Effectif : 8 Places | Prix : 830 \u20ac <\/strong><\/p>\n\n\n\n<h2 class=\"wp-block-heading has-large-font-size\">Anime Tes Vacances<\/h2>\n\n\n\n<p class=\"has-nv-c-2-color has-text-color has-link-color wp-elements-834920759fb126f9e769fd0f48e0cad0\"><strong>S\u00e9jour 15 &#8211; 17 ans<\/strong><\/p>\n\n\n\n<p><em>Animation \/ Organisation <\/em><\/p>\n\n\n\n<p>Organise un grand jeu, une veill\u00e9e, anime des activit\u00e9s, bref viens te mettre dans la peau d\u2019un vrai animateur ! Le centre accueille d\u2019autres enfants \u00e0 qui tu peux proposer des activit\u00e9s avec l\u2019aide de tes animateurs. Tu pourras choisir les domaines dans lesquels tu souhaites t&rsquo;essayer : mise en place de projets (organisation d\u2019une enqu\u00eate polici\u00e8re, d\u2019un casino, d&rsquo;un tournoi sportif) ou apprentissage de techniques (cabanes, d\u00e9cors, costumes, petits bricolages). En dehors de ces temps, tu as bien s\u00fbr la possibilit\u00e9 de participer avec d&rsquo;autres ados \u00e0 des activit\u00e9s de la colo telles que du camping, des balades ou encore la cr\u00e9ation d&rsquo;un spectacle. C&rsquo;est donc un s\u00e9jour sur mesure pour toi qui souhaite un jour passer de l&rsquo;autre c\u00f4t\u00e9 du miroir !&nbsp;&nbsp;<\/p>\n\n\n\n<p><strong>Effectif : 6 Places | Prix : 810 \u20ac <\/strong><\/p>\n<\/div>\n\n\n\n<div class=\"wp-block-column is-layout-flow wp-block-column-is-layout-flow\">\n<h2 class=\"wp-block-heading has-text-align-center\" style=\"font-size:26px\">Du 02\/08 au 15\/08<\/h2>\n\n\n\n<h2 class=\"wp-block-heading has-large-font-size\">Pr\u00eats ? Jeux&#8230; Partez !<\/h2>\n\n\n\n<p><em>Multi-jeux \/ D\u00e9couverte \/ Cr\u00e9ation<\/em><\/p>\n\n\n\n<p>Et si tu embarquais avec nous pour (re)d\u00e9couvrir l\u2019univers du jeu sous toutes ses formes&nbsp;! Qu\u2019il soit coop\u00e9ratif, sportif ou de soci\u00e9t\u00e9, en ext\u00e9rieur ou en int\u00e9rieur, il y en a pour tous les go\u00fbts. Et si tu d\u00e9bordes d\u2019imagination ou que les r\u00e8gles ne te plaisent pas, viens cr\u00e9er tes propres grands jeux et concr\u00e9tise tes id\u00e9es les plus folles. A toi de jouer et de cr\u00e9er&nbsp;!<\/p>\n\n\n\n<p><strong>Effectif : 12 Places | Prix : 810 \u20ac <\/strong><\/p>\n\n\n\n<h2 class=\"wp-block-heading\">Hors-S\u00e9rie<\/h2>\n\n\n\n<p><em>Edition \/ Illustration \/ Photo<\/em><\/p>\n\n\n\n<p>Bienvenue \u00e0 l\u2019agence cr\u00e9ative d\u2019Il \u00e9tait une fois\u2026 Une seule contrainte\u202f: l\u2019expression\u202f! Rejoins notre \u00e9quipe pour fabriquer un livre, le journal de la colo, une BD, un magazine ou un reportage vid\u00e9o. Choisis la ligne \u00e9ditoriale, con\u00e7ois la mise en page, \u00e9cris tes articles et r\u00e9alise les reportages photos ou les illustrations que tu souhaites y publier. Pour conclure cette pr\u00e9sentation, on devait trouver une phrase \u00ab\u202f<em>catchy\u202f<\/em>\u00bb mais on pr\u00e9f\u00e8re t\u2019attendre pour le faire\u202f!&nbsp;&nbsp;<\/p>\n\n\n\n<p><strong>Effectif : 11 Places | Prix : 810 \u20ac <\/strong><\/p>\n<\/div>\n<\/div>\n\n\n\n<p>L\u2019accueil d\u2019enfant \u00e0 mobilit\u00e9 r\u00e9duite est possible pour tous les s\u00e9jours sauf Itin\u00e9raire Bis<\/p>\n\n\n\n<p>Chaque s\u00e9jour b\u00e9n\u00e9ficie d\u2019un taux d\u2019encadrement d\u2019un animateur pour 5 enfants. A cela s\u2019ajoute l\u2019encadrement global du centre compos\u00e9 d\u2019un(e) directeur\/directrice, d\u2019un(e) directeur\/directrice adjoint(e), un(e) assistant(e) sanitaire, deux cuisinier(e)s et un personnel technique.<\/p>\n\n\n\n<hr class=\"wp-block-separator has-alpha-channel-opacity\"\/>\n\n\n\n<h2 class=\"wp-block-heading\">Lieu<\/h2>\n\n\n\n<p>Tous nos s\u00e9jours se d\u00e9roulent \u00e0 la Maison Familiale Rurale de Saulxures-sur-Moselotte (88)<\/p>\n\n\n<div style=\"height:400pxpx;\" class=\"wp-block-themeisle-blocks-leaflet-map\" id=\"wp-block-themeisle-blocks-leaflet-map-8e84e70c\"><\/div>\n<script type=\"text\/javascript\">\n\t\/* <![CDATA[ *\/\n\t\tif ( ! window.themeisleLeafletMaps ) window.themeisleLeafletMaps =[];\n\t\twindow.themeisleLeafletMaps.push( { container: \"wp-block-themeisle-blocks-leaflet-map-8e84e70c\", attributes: {\"id\":\"wp-block-themeisle-blocks-leaflet-map-8e84e70c\",\"location\":\"Saulxures-sur-moselotte\",\"latitude\":\"47.481770664829334\",\"longitude\":\"-6.697797775268556\",\"bbox\":\"-6.798133850097657,47.458504921608224,-6.597290039062501,47.50491017573277\",\"zoom\":13,\"markers\":[{\"id\":\"30b55c96-edb7-41f3-9e3f-b886a37a3b8d\",\"latitude\":47.94923588467332,\"longitude\":6.789722442626954,\"title\":\"Maison Familiale Rurale de Saulxures-sur-Moselotte\",\"description\":\"\"}],\"height\":\"400px\",\"zoomControl\":true,\"draggable\":true,\"hasCustomCSS\":false,\"customCSS\":\"\",\"otterConditions\":[]} } );\n\t\/* ]]> *\/\n<\/script>\n\n\n\n<p><\/p>\n","protected":false},"excerpt":{"rendered":"<p>Vous trouverez sur cette page toutes les informations utiles concernant nos s\u00e9jours de l\u2019\u00e9t\u00e9 2026. Une petite erreur s&rsquo;est gliss\u00e9e dans l&rsquo;impression des plaquettes : le s\u00e9jour \u00ab\u00a0Anime Tes Vacances\u00a0\u00bb est bien ouvert pour les 15 &#8211; 17 ans ! Nous contacter Pour tout renseignement ou inscription, n&rsquo;h\u00e9sitez pas \u00e0 nous contacter par mail ou&hellip;&nbsp;<a href=\"https:\/\/www.iletaitunefoismescolos.fr\/?page_id=35\" rel=\"bookmark\">Lire la suite &raquo;<span class=\"screen-reader-text\">Liste des S\u00e9jours<\/span><\/a><\/p>\n","protected":false},"author":1,"featured_media":0,"parent":0,"menu_order":0,"comment_status":"closed","ping_status":"closed","template":"","meta":{"neve_meta_sidebar":"","neve_meta_container":"","neve_meta_enable_content_width":"","neve_meta_content_width":0,"neve_meta_title_alignment":"","neve_meta_author_avatar":"","neve_post_elements_order":"","neve_meta_disable_header":"","neve_meta_disable_footer":"","neve_meta_disable_title":"","_themeisle_gutenberg_block_has_review":false,"footnotes":""},"class_list":["post-35","page","type-page","status-publish","hentry"],"_links":{"self":[{"href":"https:\/\/www.iletaitunefoismescolos.fr\/index.php?rest_route=\/wp\/v2\/pages\/35","targetHints":{"allow":["GET"]}}],"collection":[{"href":"https:\/\/www.iletaitunefoismescolos.fr\/index.php?rest_route=\/wp\/v2\/pages"}],"about":[{"href":"https:\/\/www.iletaitunefoismescolos.fr\/index.php?rest_route=\/wp\/v2\/types\/page"}],"author":[{"embeddable":true,"href":"https:\/\/www.iletaitunefoismescolos.fr\/index.php?rest_route=\/wp\/v2\/users\/1"}],"replies":[{"embeddable":true,"href":"https:\/\/www.iletaitunefoismescolos.fr\/index.php?rest_route=%2Fwp%2Fv2%2Fcomments&post=35"}],"version-history":[{"count":39,"href":"https:\/\/www.iletaitunefoismescolos.fr\/index.php?rest_route=\/wp\/v2\/pages\/35\/revisions"}],"predecessor-version":[{"id":8489,"href":"https:\/\/www.iletaitunefoismescolos.fr\/index.php?rest_route=\/wp\/v2\/pages\/35\/revisions\/8489"}],"wp:attachment":[{"href":"https:\/\/www.iletaitunefoismescolos.fr\/index.php?rest_route=%2Fwp%2Fv2%2Fmedia&parent=35"}],"curies":[{"name":"wp","href":"https:\/\/api.w.org\/{rel}","templated":true}]}}